{"id":20,"date":"2016-10-24T21:03:07","date_gmt":"2016-10-24T19:03:07","guid":{"rendered":"http:\/\/eco3x.fr\/BLOG\/onestensemble\/?page_id=20"},"modified":"2016-11-22T18:30:50","modified_gmt":"2016-11-22T17:30:50","slug":"page-2","status":"publish","type":"page","link":"https:\/\/eco3x.fr\/BLOG\/onestensemble\/page-2\/","title":{"rendered":"Le centre de Balimba"},"content":{"rendered":"<p>Le centre de Balimba a pour vocation de recueillir les enfants des rues de Sarh et des alentours (Tchad) afin de leur offrir une \u00e9ducation et une formation, et leur donner un avenir meilleur.<\/p>\n<p><img loading=\"lazy\" class=\" wp-image-76 aligncenter\" src=\"http:\/\/eco3x.fr\/BLOG\/onestensemble\/wp-content\/uploads\/tchad.jpg\" alt=\"tchad\" width=\"145\" height=\"133\" \/><\/p>\n<p>Il a \u00e9t\u00e9 cr\u00e9\u00e9 en 1995 par un jeune coop\u00e9rant en mission avec la DCC (D\u00e9l\u00e9gation Catholique pour la Coop\u00e9ration) <a href=\"http:\/\/www.gaelgiraud.net\/\" target=\"_blank\">Ga\u00ebl Giraud<\/a>, avec ses amis tchadiens constitu\u00e9s en association, et avec le soutien des S\u0153urs de la Charit\u00e9 pr\u00e9sentes \u00e0 Sarh, \u00e9galement membres du bureau de l&rsquo;association cr\u00e9\u00e9e.<\/p>\n<p>Ce centre accueille actuellement des enfants \u00e2g\u00e9s de 6 \u00e0 18 ans, qu&rsquo;il scolarise. Les plus grands b\u00e9n\u00e9ficient ensuite d&rsquo;une formation professionnelle : couture, m\u00e9canique, menuiserie. Ils regagnent la soci\u00e9t\u00e9 tchadienne \u00e0 18 ans, toujours suivi par le centre. Apr\u00e8s le bac, certains peuvent poursuivre des \u00e9tudes.<\/p>\n<p>&nbsp;<\/p>\n<p><img loading=\"lazy\" class=\"size-medium wp-image-21 aligncenter\" src=\"http:\/\/eco3x.fr\/BLOG\/onestensemble\/wp-content\/uploads\/Photo-gG-NE-300x105.jpg\" alt=\"photo-gg-ne\" width=\"300\" height=\"105\" srcset=\"https:\/\/eco3x.fr\/BLOG\/onestensemble\/wp-content\/uploads\/Photo-gG-NE-300x105.jpg 300w, https:\/\/eco3x.fr\/BLOG\/onestensemble\/wp-content\/uploads\/Photo-gG-NE-370x130.jpg 370w, https:\/\/eco3x.fr\/BLOG\/onestensemble\/wp-content\/uploads\/Photo-gG-NE.jpg 626w\" sizes=\"(max-width: 300px) 100vw, 300px\" \/><\/p>\n<p id=\"logo\" style=\"text-align: center;\"><a title=\"Ga\u00ebl Giraud\" href=\"http:\/\/www.gaelgiraud.net\/\" target=\"_blank\">Ga\u00ebl Giraud <\/a>\u00c9conomiste<\/p>\n<p style=\"text-align: center;\"><img loading=\"lazy\" class=\"alignnone size-medium wp-image-30\" src=\"http:\/\/eco3x.fr\/BLOG\/onestensemble\/wp-content\/uploads\/kisito-300x225.jpg\" alt=\"kisito\" width=\"300\" height=\"225\" srcset=\"https:\/\/eco3x.fr\/BLOG\/onestensemble\/wp-content\/uploads\/kisito-300x225.jpg 300w, https:\/\/eco3x.fr\/BLOG\/onestensemble\/wp-content\/uploads\/kisito-768x576.jpg 768w, https:\/\/eco3x.fr\/BLOG\/onestensemble\/wp-content\/uploads\/kisito-1024x768.jpg 1024w, https:\/\/eco3x.fr\/BLOG\/onestensemble\/wp-content\/uploads\/kisito-370x278.jpg 370w, https:\/\/eco3x.fr\/BLOG\/onestensemble\/wp-content\/uploads\/kisito-1040x780.jpg 1040w, https:\/\/eco3x.fr\/BLOG\/onestensemble\/wp-content\/uploads\/kisito.jpg 1173w\" sizes=\"(max-width: 300px) 100vw, 300px\" \/> <img loading=\"lazy\" class=\"alignnone size-medium wp-image-17\" src=\"http:\/\/eco3x.fr\/BLOG\/onestensemble\/wp-content\/uploads\/livres-300x225.jpg\" alt=\"livres\" width=\"300\" height=\"225\" srcset=\"https:\/\/eco3x.fr\/BLOG\/onestensemble\/wp-content\/uploads\/livres-300x225.jpg 300w, https:\/\/eco3x.fr\/BLOG\/onestensemble\/wp-content\/uploads\/livres-768x576.jpg 768w, https:\/\/eco3x.fr\/BLOG\/onestensemble\/wp-content\/uploads\/livres-370x278.jpg 370w, https:\/\/eco3x.fr\/BLOG\/onestensemble\/wp-content\/uploads\/livres.jpg 960w\" sizes=\"(max-width: 300px) 100vw, 300px\" \/><\/p>\n<p style=\"text-align: center;\">Soutenus et Accompagn\u00e9s par les S\u0153urs De la Charit\u00e9<\/p>\n<p style=\"text-align: center;\"><a href=\"http:\/\/www.campsinternationauxjeunes-sdc.fr\/\" target=\"_blank\"><img loading=\"lazy\" class=\"\" src=\"http:\/\/www.campsinternationauxjeunes-sdc.fr\/images\/bulles.png\" width=\"457\" height=\"101\" \/><\/a><\/p>\n<p>&nbsp;<\/p>\n","protected":false},"excerpt":{"rendered":"<p>Le centre de Balimba a pour vocation de recueillir les enfants des rues de Sarh et des alentours (Tchad) afin de leur offrir une \u00e9ducation et une formation, et leur donner un avenir meilleur. Il a \u00e9t\u00e9 cr\u00e9\u00e9 en 1995 par un jeune coop\u00e9rant en mission avec la DCC (D\u00e9l\u00e9gation Catholique pour la Coop\u00e9ration) Ga\u00ebl [&hellip;]<\/p>\n","protected":false},"author":1,"featured_media":21,"parent":0,"menu_order":0,"comment_status":"closed","ping_status":"closed","template":"","meta":{"_themeisle_gutenberg_block_has_review":false},"_links":{"self":[{"href":"https:\/\/eco3x.fr\/BLOG\/onestensemble\/wp-json\/wp\/v2\/pages\/20"}],"collection":[{"href":"https:\/\/eco3x.fr\/BLOG\/onestensemble\/wp-json\/wp\/v2\/pages"}],"about":[{"href":"https:\/\/eco3x.fr\/BLOG\/onestensemble\/wp-json\/wp\/v2\/types\/page"}],"author":[{"embeddable":true,"href":"https:\/\/eco3x.fr\/BLOG\/onestensemble\/wp-json\/wp\/v2\/users\/1"}],"replies":[{"embeddable":true,"href":"https:\/\/eco3x.fr\/BLOG\/onestensemble\/wp-json\/wp\/v2\/comments?post=20"}],"version-history":[{"count":7,"href":"https:\/\/eco3x.fr\/BLOG\/onestensemble\/wp-json\/wp\/v2\/pages\/20\/revisions"}],"predecessor-version":[{"id":77,"href":"https:\/\/eco3x.fr\/BLOG\/onestensemble\/wp-json\/wp\/v2\/pages\/20\/revisions\/77"}],"wp:featuredmedia":[{"embeddable":true,"href":"https:\/\/eco3x.fr\/BLOG\/onestensemble\/wp-json\/wp\/v2\/media\/21"}],"wp:attachment":[{"href":"https:\/\/eco3x.fr\/BLOG\/onestensemble\/wp-json\/wp\/v2\/media?parent=20"}],"curies":[{"name":"wp","href":"https:\/\/api.w.org\/{rel}","templated":true}]}}